{"id":23,"date":"2020-04-24T12:15:00","date_gmt":"2020-04-24T10:15:00","guid":{"rendered":"http:\/\/localhost\/dittlmann\/?page_id=23"},"modified":"2026-01-14T10:44:28","modified_gmt":"2026-01-14T09:44:28","slug":"politik","status":"publish","type":"page","link":"https:\/\/www.dittlmann.de\/dittlmann\/politik\/","title":{"rendered":"Politik"},"content":{"rendered":"<div id=\"pl-23\"  class=\"panel-layout\" ><div id=\"pg-23-0\"  class=\"panel-grid panel-has-style\" ><div class=\"padding-top panel-row-style panel-row-style-for-23-0\" ><div id=\"pgc-23-0-0\"  class=\"panel-grid-cell\" ><div id=\"panel-23-0-0-0\" class=\"so-panel widget widget_sow-editor panel-first-child panel-last-child\" data-index=\"0\" ><div\n\t\t\t\n\t\t\tclass=\"so-widget-sow-editor so-widget-sow-editor-base\"\n\t\t\t\n\t\t>\n<div class=\"siteorigin-widget-tinymce textwidget\">\n\t<h1>F\u00fcr Sie seit 1992 im Stadtrat<\/h1>\n<p><strong>F\u00fcr ihr Vertrauen bedanke ich mich sehr herzlich.<\/strong><\/p>\n<p>Ich hoffe, ich konnte und kann Ihre Erwartungen erf\u00fcllen und wurde und werde Ihrem Vertrauen gerecht.<\/p>\n<p>Die Fraktion FDP hat mich zu Ihrem Fraktionsvorsitzenden gew\u00e4hlt.<\/p>\n<p><a class=\"btn\" href=\"\/dittlmann\/politik\/aktuelle-themen\/\">Aktuelle Themen<\/a> <a class=\"btn\" href=\"\/dittlmann\/politik\/meine-themen\/\">Meine Themen<\/a><\/p>\n<\/div>\n<\/div><\/div><\/div><div id=\"pgc-23-0-1\"  class=\"panel-grid-cell\" ><div id=\"panel-23-0-1-0\" class=\"so-panel widget widget_sow-image panel-first-child panel-last-child\" data-index=\"1\" ><div\n\t\t\t\n\t\t\tclass=\"so-widget-sow-image so-widget-sow-image-default-8b5b6f678277-23\"\n\t\t\t\n\t\t>\n<div class=\"sow-image-container\">\n\t\t<img \n\tsrc=\"https:\/\/www.dittlmann.de\/dittlmann\/wp-content\/uploads\/sites\/4\/2020\/05\/dittlmann-profil.jpg\" width=\"600\" height=\"400\" srcset=\"https:\/\/www.dittlmann.de\/dittlmann\/wp-content\/uploads\/sites\/4\/2020\/05\/dittlmann-profil.jpg 600w, https:\/\/www.dittlmann.de\/dittlmann\/wp-content\/uploads\/sites\/4\/2020\/05\/dittlmann-profil-300x200.jpg 300w\" sizes=\"(max-width: 600px) 100vw, 600px\" alt=\"\" \t\tclass=\"so-widget-image\"\/>\n\t<\/div>\n\n<\/div><\/div><\/div><\/div><\/div><div id=\"pg-23-1\"  class=\"panel-grid panel-has-style\" ><div class=\"padded inverted streched panel-row-style panel-row-style-for-23-1\" ><div id=\"pgc-23-1-0\"  class=\"panel-grid-cell\" ><div id=\"panel-23-1-0-0\" class=\"so-panel widget widget_sow-editor panel-first-child panel-last-child\" data-index=\"2\" ><div\n\t\t\t\n\t\t\tclass=\"so-widget-sow-editor so-widget-sow-editor-base\"\n\t\t\t\n\t\t>\n<div class=\"siteorigin-widget-tinymce textwidget\">\n\t<h3>In folgenden Fachaussch\u00fcssen und Aufsichtsr\u00e4ten wurde ich von meiner Fraktion entsandt:<\/h3>\n<ul class=\"check-list\">\n<li value=\"0\">Ausschu\u00df f\u00fcr Finanzen<\/li>\n<li value=\"0\">Ausschu\u00df f\u00fcr Stadtentwicklung und Mobilit\u00e4t<\/li>\n<li value=\"0\">Ausschu\u00df f\u00fcr Ordnung und Sicherheit<\/li>\n<li value=\"0\">Ausschu\u00df des Klinikums Passau (Werkausschu\u00df)<\/li>\n<li value=\"0\">Aufsichtsrat der Klinikum Passau Service GmbH<\/li>\n<li value=\"0\">Aufsichtsrat MVZ am Klinikum Passau GmbH<\/li>\n<li value=\"0\">Aufsichtsrat der WGP<\/li>\n<li value=\"0\">Aufsichtsrat der Stadtwerke Passau GmbH<\/li>\n<\/ul>\n<\/div>\n<\/div><\/div><\/div><\/div><\/div><div id=\"pg-23-2\"  class=\"panel-grid panel-has-style\" ><div class=\"padded panel-row-style panel-row-style-for-23-2\" ><div id=\"pgc-23-2-0\"  class=\"panel-grid-cell\" ><div id=\"panel-23-2-0-0\" class=\"so-panel widget widget_sow-editor panel-first-child panel-last-child\" data-index=\"3\" ><div\n\t\t\t\n\t\t\tclass=\"so-widget-sow-editor so-widget-sow-editor-base\"\n\t\t\t\n\t\t>\n<div class=\"siteorigin-widget-tinymce textwidget\">\n\t<p>Dem Stadtrat geh\u00f6re ich seit 1992 an. Bis 2008 war ich Mitglied der CSU-Fraktion. Nach der Wahl 2008 f\u00fchrten Differenzen innerhalb der CSU-Stadtratsfraktion \u00fcber die Gr\u00fcnde und Ursachen f\u00fcr das Wahlergebnis und die zuk\u00fcnftige Ausrichtung der politischen Arbeit dazu, da\u00df ich gemeinsam mit drei anderen Fraktionskollegen aus der CSU-Fraktion aus und in die Fraktion FDP\/Passauer Liste eintrat.<\/p>\n<p>2012 trennte sich die Passauer Liste von der FDP. Seitdem geh\u00f6rt die FDP als eigenst\u00e4ndige Fraktion dem Passauer Stadtrat an.<\/p>\n<p>2005 erhielt ich den \"goldenen Ehrenring\" der Stadt Passau.<\/p>\n<p>2019 erhielt ich die Kommunale Verdienstmedaille in Bronze f\u00fcr besondere Verdienste um die kommunale Selbstverwaltung.<\/p>\n<p>Seit 2020 bin ich Fraktionsvorsitzender der FDP-Stadtratsfraktion.<\/p>\n<p>2021 bin ich aus der Partei \u201eFDP\u201c ausgetreten, Fraktionsvorsitzender aber geblieben.<\/p>\n<p>2025 erhielt ich die Kommunale Verdienstmedaille in Silber f\u00fcr besondere Verdienste um die Kommunale Selbstverwaltung.<\/p>\n<p>2026 schlie\u00dfe ich das Kapitel \u201eFDP\u201c endg\u00fcltig und kandidiere f\u00fcr die CSU zur Wiederwahl in den Passauer Stadtrat.<\/p>\n<\/div>\n<\/div><\/div><\/div><\/div><\/div><\/div>","protected":false},"excerpt":{"rendered":"<p>F\u00fcr Sie seit 1992 im Stadtrat F\u00fcr ihr Vertrauen bedanke ich mich sehr herzlich. Ich hoffe, ich konnte und kann Ihre Erwartungen erf\u00fcllen und wurde und werde Ihrem Vertrauen gerecht. Die Fraktion FDP hat mich zu Ihrem Fraktionsvorsitzenden gew\u00e4hlt. Aktuelle Themen Meine Themen In folgenden Fachaussch\u00fcssen und Aufsichtsr\u00e4ten wurde ich von meiner Fraktion entsandt: Ausschu\u00df [&hellip;]<\/p>\n","protected":false},"author":1,"featured_media":0,"parent":0,"menu_order":0,"comment_status":"closed","ping_status":"closed","template":"","meta":{"footnotes":""},"class_list":["post-23","page","type-page","status-publish","hentry"],"yoast_head":"<!-- This site is optimized with the Yoast SEO plugin v26.7 - https:\/\/yoast.com\/wordpress\/plugins\/seo\/ -->\n<title>Politik - Andreas Dittlmann<\/title>\n<meta name=\"robots\" content=\"index, follow, max-snippet:-1, max-image-preview:large, max-video-preview:-1\" \/>\n<link rel=\"canonical\" href=\"https:\/\/www.dittlmann.de\/dittlmann\/politik\/\" \/>\n<meta property=\"og:locale\" content=\"de_DE\" \/>\n<meta property=\"og:type\" content=\"article\" \/>\n<meta property=\"og:title\" content=\"Politik - Andreas Dittlmann\" \/>\n<meta property=\"og:description\" content=\"F\u00fcr Sie seit 1992 im Stadtrat F\u00fcr ihr Vertrauen bedanke ich mich sehr herzlich. Ich hoffe, ich konnte und kann Ihre Erwartungen erf\u00fcllen und wurde und werde Ihrem Vertrauen gerecht. Die Fraktion FDP hat mich zu Ihrem Fraktionsvorsitzenden gew\u00e4hlt. Aktuelle Themen Meine Themen In folgenden Fachaussch\u00fcssen und Aufsichtsr\u00e4ten wurde ich von meiner Fraktion entsandt: Ausschu\u00df [&hellip;]\" \/>\n<meta property=\"og:url\" content=\"https:\/\/www.dittlmann.de\/dittlmann\/politik\/\" \/>\n<meta property=\"og:site_name\" content=\"Andreas Dittlmann\" \/>\n<meta property=\"article:modified_time\" content=\"2026-01-14T09:44:28+00:00\" \/>\n<meta name=\"twitter:card\" content=\"summary_large_image\" \/>\n<meta name=\"twitter:label1\" content=\"Gesch\u00e4tzte Lesezeit\" \/>\n\t<meta name=\"twitter:data1\" content=\"2\u00a0Minuten\" \/>\n<script type=\"application\/ld+json\" class=\"yoast-schema-graph\">{\"@context\":\"https:\/\/schema.org\",\"@graph\":[{\"@type\":\"WebPage\",\"@id\":\"https:\/\/www.dittlmann.de\/dittlmann\/politik\/\",\"url\":\"https:\/\/www.dittlmann.de\/dittlmann\/politik\/\",\"name\":\"Politik - Andreas Dittlmann\",\"isPartOf\":{\"@id\":\"https:\/\/www.dittlmann.de\/dittlmann\/#website\"},\"datePublished\":\"2020-04-24T10:15:00+00:00\",\"dateModified\":\"2026-01-14T09:44:28+00:00\",\"breadcrumb\":{\"@id\":\"https:\/\/www.dittlmann.de\/dittlmann\/politik\/#breadcrumb\"},\"inLanguage\":\"de\",\"potentialAction\":[{\"@type\":\"ReadAction\",\"target\":[\"https:\/\/www.dittlmann.de\/dittlmann\/politik\/\"]}]},{\"@type\":\"BreadcrumbList\",\"@id\":\"https:\/\/www.dittlmann.de\/dittlmann\/politik\/#breadcrumb\",\"itemListElement\":[{\"@type\":\"ListItem\",\"position\":1,\"name\":\"Startseite\",\"item\":\"https:\/\/www.dittlmann.de\/dittlmann\/\"},{\"@type\":\"ListItem\",\"position\":2,\"name\":\"Politik\"}]},{\"@type\":\"WebSite\",\"@id\":\"https:\/\/www.dittlmann.de\/dittlmann\/#website\",\"url\":\"https:\/\/www.dittlmann.de\/dittlmann\/\",\"name\":\"Andreas Dittlmann\",\"description\":\"\",\"publisher\":{\"@id\":\"https:\/\/www.dittlmann.de\/dittlmann\/#organization\"},\"potentialAction\":[{\"@type\":\"SearchAction\",\"target\":{\"@type\":\"EntryPoint\",\"urlTemplate\":\"https:\/\/www.dittlmann.de\/dittlmann\/?s={search_term_string}\"},\"query-input\":{\"@type\":\"PropertyValueSpecification\",\"valueRequired\":true,\"valueName\":\"search_term_string\"}}],\"inLanguage\":\"de\"},{\"@type\":\"Organization\",\"@id\":\"https:\/\/www.dittlmann.de\/dittlmann\/#organization\",\"name\":\"Andreas Dittlmann\",\"url\":\"https:\/\/www.dittlmann.de\/dittlmann\/\",\"logo\":{\"@type\":\"ImageObject\",\"inLanguage\":\"de\",\"@id\":\"https:\/\/www.dittlmann.de\/dittlmann\/#\/schema\/logo\/image\/\",\"url\":\"https:\/\/www.dittlmann.de\/dittlmann\/wp-content\/uploads\/sites\/4\/2020\/05\/dittlmann_logo-1.jpg\",\"contentUrl\":\"https:\/\/www.dittlmann.de\/dittlmann\/wp-content\/uploads\/sites\/4\/2020\/05\/dittlmann_logo-1.jpg\",\"width\":260,\"height\":56,\"caption\":\"Andreas Dittlmann\"},\"image\":{\"@id\":\"https:\/\/www.dittlmann.de\/dittlmann\/#\/schema\/logo\/image\/\"}}]}<\/script>\n<!-- \/ Yoast SEO plugin. -->","yoast_head_json":{"title":"Politik - Andreas Dittlmann","robots":{"index":"index","follow":"follow","max-snippet":"max-snippet:-1","max-image-preview":"max-image-preview:large","max-video-preview":"max-video-preview:-1"},"canonical":"https:\/\/www.dittlmann.de\/dittlmann\/politik\/","og_locale":"de_DE","og_type":"article","og_title":"Politik - Andreas Dittlmann","og_description":"F\u00fcr Sie seit 1992 im Stadtrat F\u00fcr ihr Vertrauen bedanke ich mich sehr herzlich. Ich hoffe, ich konnte und kann Ihre Erwartungen erf\u00fcllen und wurde und werde Ihrem Vertrauen gerecht. Die Fraktion FDP hat mich zu Ihrem Fraktionsvorsitzenden gew\u00e4hlt. Aktuelle Themen Meine Themen In folgenden Fachaussch\u00fcssen und Aufsichtsr\u00e4ten wurde ich von meiner Fraktion entsandt: Ausschu\u00df [&hellip;]","og_url":"https:\/\/www.dittlmann.de\/dittlmann\/politik\/","og_site_name":"Andreas Dittlmann","article_modified_time":"2026-01-14T09:44:28+00:00","twitter_card":"summary_large_image","twitter_misc":{"Gesch\u00e4tzte Lesezeit":"2\u00a0Minuten"},"schema":{"@context":"https:\/\/schema.org","@graph":[{"@type":"WebPage","@id":"https:\/\/www.dittlmann.de\/dittlmann\/politik\/","url":"https:\/\/www.dittlmann.de\/dittlmann\/politik\/","name":"Politik - Andreas Dittlmann","isPartOf":{"@id":"https:\/\/www.dittlmann.de\/dittlmann\/#website"},"datePublished":"2020-04-24T10:15:00+00:00","dateModified":"2026-01-14T09:44:28+00:00","breadcrumb":{"@id":"https:\/\/www.dittlmann.de\/dittlmann\/politik\/#breadcrumb"},"inLanguage":"de","potentialAction":[{"@type":"ReadAction","target":["https:\/\/www.dittlmann.de\/dittlmann\/politik\/"]}]},{"@type":"BreadcrumbList","@id":"https:\/\/www.dittlmann.de\/dittlmann\/politik\/#breadcrumb","itemListElement":[{"@type":"ListItem","position":1,"name":"Startseite","item":"https:\/\/www.dittlmann.de\/dittlmann\/"},{"@type":"ListItem","position":2,"name":"Politik"}]},{"@type":"WebSite","@id":"https:\/\/www.dittlmann.de\/dittlmann\/#website","url":"https:\/\/www.dittlmann.de\/dittlmann\/","name":"Andreas Dittlmann","description":"","publisher":{"@id":"https:\/\/www.dittlmann.de\/dittlmann\/#organization"},"potentialAction":[{"@type":"SearchAction","target":{"@type":"EntryPoint","urlTemplate":"https:\/\/www.dittlmann.de\/dittlmann\/?s={search_term_string}"},"query-input":{"@type":"PropertyValueSpecification","valueRequired":true,"valueName":"search_term_string"}}],"inLanguage":"de"},{"@type":"Organization","@id":"https:\/\/www.dittlmann.de\/dittlmann\/#organization","name":"Andreas Dittlmann","url":"https:\/\/www.dittlmann.de\/dittlmann\/","logo":{"@type":"ImageObject","inLanguage":"de","@id":"https:\/\/www.dittlmann.de\/dittlmann\/#\/schema\/logo\/image\/","url":"https:\/\/www.dittlmann.de\/dittlmann\/wp-content\/uploads\/sites\/4\/2020\/05\/dittlmann_logo-1.jpg","contentUrl":"https:\/\/www.dittlmann.de\/dittlmann\/wp-content\/uploads\/sites\/4\/2020\/05\/dittlmann_logo-1.jpg","width":260,"height":56,"caption":"Andreas Dittlmann"},"image":{"@id":"https:\/\/www.dittlmann.de\/dittlmann\/#\/schema\/logo\/image\/"}}]}},"_links":{"self":[{"href":"https:\/\/www.dittlmann.de\/dittlmann\/wp-json\/wp\/v2\/pages\/23","targetHints":{"allow":["GET"]}}],"collection":[{"href":"https:\/\/www.dittlmann.de\/dittlmann\/wp-json\/wp\/v2\/pages"}],"about":[{"href":"https:\/\/www.dittlmann.de\/dittlmann\/wp-json\/wp\/v2\/types\/page"}],"author":[{"embeddable":true,"href":"https:\/\/www.dittlmann.de\/dittlmann\/wp-json\/wp\/v2\/users\/1"}],"replies":[{"embeddable":true,"href":"https:\/\/www.dittlmann.de\/dittlmann\/wp-json\/wp\/v2\/comments?post=23"}],"version-history":[{"count":31,"href":"https:\/\/www.dittlmann.de\/dittlmann\/wp-json\/wp\/v2\/pages\/23\/revisions"}],"predecessor-version":[{"id":469,"href":"https:\/\/www.dittlmann.de\/dittlmann\/wp-json\/wp\/v2\/pages\/23\/revisions\/469"}],"wp:attachment":[{"href":"https:\/\/www.dittlmann.de\/dittlmann\/wp-json\/wp\/v2\/media?parent=23"}],"curies":[{"name":"wp","href":"https:\/\/api.w.org\/{rel}","templated":true}]}}